{"id":686,"date":"2024-02-16T16:28:15","date_gmt":"2024-02-16T15:28:15","guid":{"rendered":"https:\/\/www.togetherathletics.ch\/the-club\/"},"modified":"2025-12-04T20:50:42","modified_gmt":"2025-12-04T19:50:42","slug":"the-club","status":"publish","type":"page","link":"https:\/\/www.togetherathletics.ch\/en\/the-club\/","title":{"rendered":"The Club"},"content":{"rendered":"\n<div class=\"wp-block-media-text is-stacked-on-mobile is-vertically-aligned-top\" style=\"grid-template-columns:33% auto\"><figure class=\"wp-block-media-text__media\"><img loading=\"lazy\" decoding=\"async\" width=\"1200\" height=\"840\" src=\"https:\/\/www.togetherathletics.ch\/wp-content\/uploads\/2024\/11\/TAC-Start-2025.webp\" alt=\"\" class=\"wp-image-1014 size-full\" srcset=\"https:\/\/www.togetherathletics.ch\/wp-content\/uploads\/2024\/11\/TAC-Start-2025.webp 1200w, https:\/\/www.togetherathletics.ch\/wp-content\/uploads\/2024\/11\/TAC-Start-2025-660x462.webp 660w, https:\/\/www.togetherathletics.ch\/wp-content\/uploads\/2024\/11\/TAC-Start-2025-768x538.webp 768w, https:\/\/www.togetherathletics.ch\/wp-content\/uploads\/2024\/11\/TAC-Start-2025-600x420.webp 600w\" sizes=\"auto, (max-width: 1200px) 100vw, 1200px\" \/><\/figure><div class=\"wp-block-media-text__content\">\n<h2 class=\"wp-block-heading\">Together Athletics Club est le nouveau club d\u2019athl\u00e9tisme inclusif \u00e0 Gen\u00e8ve.<\/h2>\n\n\n\n<p style=\"font-size:1.2rem\">Tadesse Abraham et ses amis ont cr\u00e9\u00e9 Together Athletics Club, un nouveau club d\u2019athl\u00e9 \u00e0 Gen\u00e8ve. Accompagner et f\u00e9d\u00e9rer tout particuli\u00e8rement les personnes issues de la population migrante, les jeunes et les Masters (35 ans et plus) seront les axes forts du nouveau projet. <\/p>\n\n\n\n<p style=\"font-size:1.2rem\">Nous proposons des entra\u00eenements sp\u00e9cifiques pour tous, quels que soient ton \u00e2ge, ton genre, ton origine, ton milieu social, etc.<\/p>\n\n\n\n<p style=\"font-size:1.2rem\">Nous avons une vision ouverte de la course \u00e0 pied! Tu veux faire de la course sur route (toutes distances) ou de l\u2019athl\u00e9tisme, que tu sois jeune ou adulte, il n\u2019y a pas de limites. Tout est possible!  <\/p>\n\n\n\n<h2 class=\"wp-block-heading has-red-global-color has-text-color has-link-color has-regular-font-size wp-elements-31a4a5108a87a7889237a5c73a328707\">Si tu veux atteindre tes objectifs, <br\/>alors rejoins-nous !<\/h2>\n<\/div><\/div>\n\n<div style=\"height:50px\" aria-hidden=\"true\" class=\"wp-block-spacer\"><\/div>\n\n<div class=\"wp-block-columns is-layout-flex wp-container-core-columns-is-layout-9d6595d7 wp-block-columns-is-layout-flex\">\n<div class=\"wp-block-column is-layout-flow wp-block-column-is-layout-flow\"><\/div>\n\n\n\n<div class=\"wp-block-column is-layout-flow wp-block-column-is-layout-flow\"><\/div>\n<\/div>\n\n<div style=\"height:100px\" aria-hidden=\"true\" class=\"wp-block-spacer\"><\/div>\n<div id=\"devsectorcustomposttypeteammanager-block_a978d580b1ff6a9294d434ddd965bd35\" class=\"devsectorcustomposttypeteammanager\">\n<!-- <div class=\"devsectorcustomposttypeteammanager-content\" data-aos=\"fade-up\"> -->\n<div class=\"devsectorcustomposttypeteammanager-content\">\n                  \n                <div class=\"devsectorcustomposttypeteammanager-title\"> \n                    <div class=\"accordion-button-team \" type=\"button\" data-bs-toggle=\"collapse\" data-bs-target=\"#collapse-block_a978d580b1ff6a9294d434ddd965bd35\" aria-expanded=\"true\" aria-controls=\"collapseOne\">\n                        <h2>Le comit\u00e9<\/h2>\n                <\/div>\n                <\/div>\n                <div id=\"collapse-block_a978d580b1ff6a9294d434ddd965bd35\" class=\"accordion-collapse collapse show\">\n                \n                            <div  class=\"devsectorcustomposttypeteammanager-grid row\">          \n                                    \n                                        \n                                        <div class=\"devsectorcustomposttypeteammanager-item col-12 col-md-6\">\n                                            \n<div class=\"devsectorcustomposttypeteammanager-item row\">\n\n    <div class=\"content col-12\">\n                    <div class=\"back-columns-group\">\n                                    <div class=\"back-columns\" data-bs-toggle=\"modal\" data-bs-target=\"#modal-devsectorcustomposttypeteammanager-block_a978d580b1ff6a9294d434ddd965bd35-1\">\n                                        <img decoding=\"async\" src=\"https:\/\/www.togetherathletics.ch\/wp-content\/uploads\/2024\/02\/Alison-comite-600x600.jpg\" alt=\"Alison Bourgeois\">\n                                    <\/div>\n                                    <div class=\"back-columns\">\n                                        <div data-bs-toggle=\"modal\" data-bs-target=\"#modal-devsectorcustomposttypeteammanager-block_a978d580b1ff6a9294d434ddd965bd35-1\">\n                                        <h4>Alison Bourgeois<\/h4>\n                                                                                    <div class=\"devsectorcustomposttypeteammanager-item-role\">\n                                                Pr\u00e9sidente                                            <\/div><!-- .devsectorcustomposttypeteammanager-item-line-->\n                                        \n                                          \n                                        <\/div>\n\n                                        <div class=\"contact-box\">\n      \n     \n<\/div>\n                                    <\/div>\n                        <\/div><!-- inner -->\n                    <\/div><!-- content -->\n\n    <\/div><!-- .devsectorcustomposttypeteammanager-item -->    \n    <div class=\"modal fade\" tabindex=\"-1\" id=\"modal-devsectorcustomposttypeteammanager-block_a978d580b1ff6a9294d434ddd965bd35-1\" aria-labelledby=\"exampleModalLabel\" aria-hidden=\"true\">\n                        <div class=\"modal-dialog modal-dialog-centered modal-xl\">\n                            <div class=\"modal-content\">\n\n                                <div class=\"inner\">\n                                    \n                                    <div class=\"back-columns-group modal-body\">\n                                        <div class=\"back-columns\">\n                                                <img decoding=\"async\" src=\"https:\/\/www.togetherathletics.ch\/wp-content\/uploads\/2024\/02\/Alison-comite-600x600.jpg\" alt=\"Alison Bourgeois\">\n                                        <\/div>\n                                        <div class=\"back-columns\">\n                                            <div class=\"info\">\n                                                <h4>Alison Bourgeois<\/h4>\n                                                                                                <div class=\"devsectorcustomposttypeteammanager-item-role\">\n                                                    Pr\u00e9sidente                                                <\/div><!-- .devsectorcustomposttypeteammanager-item-line-->\n                                                                                        <\/div>\n                                            <div class=\"devsectorcustomposttypeteammanager-info\">\n                                            \n                                                \n                                                                    <div class=\"devsectorcustomposttypeteammanager-description\">\n                                                                    <!-- wp:paragraph -->\n<p>Plusieurs fois championne du monde des distances demi-fond et actuellement recordwoman du monde 800m dans sa cat\u00e9gorie&nbsp;Masters<br>Vainqueur du&nbsp;marathon de Chicago en 2019&nbsp;dans sa cat\u00e9gorie<\/p>\n<!-- \/wp:paragraph -->                                                                    <\/div><!-- .devsectorcustomposttypeteammanager-description-->\n                                            \n                                            <\/div><!-- devsectorcustomposttypeteammanager-info -->\n\n                                            <div class=\"contact-box\">\n      \n     \n<\/div>\n                                        <\/div>\n                                    <\/div><!-- back-columns-group -->\n                                    <div class=\"close-modal-cross\">\n                                                <label data-bs-dismiss=\"modal\">\n                                                    <i class=\"fa fa-times\" aria-hidden=\"true\"><\/i>\n                                                <\/label>\n                                    <\/div>\n                                <\/div><!-- inner -->\n                            <\/div><!-- modal-content -->\n                        <\/div><!-- modal-dialog -->\n    <\/div><!-- modal -->                                        <\/div><!--.devsectorcustomposttypeteammanager-itemaccordion-item  -->\n                                        \n                                        <div class=\"devsectorcustomposttypeteammanager-item col-12 col-md-6\">\n                                            \n<div class=\"devsectorcustomposttypeteammanager-item row\">\n\n    <div class=\"content col-12\">\n                    <div class=\"back-columns-group\">\n                                    <div class=\"back-columns\" data-bs-toggle=\"modal\" data-bs-target=\"#modal-devsectorcustomposttypeteammanager-block_a978d580b1ff6a9294d434ddd965bd35-2\">\n                                        <img decoding=\"async\" src=\"https:\/\/www.togetherathletics.ch\/wp-content\/uploads\/2024\/11\/profl-Ignacel-600x600.jpg\" alt=\"Ignace Jeannerat\">\n                                    <\/div>\n                                    <div class=\"back-columns\">\n                                        <div data-bs-toggle=\"modal\" data-bs-target=\"#modal-devsectorcustomposttypeteammanager-block_a978d580b1ff6a9294d434ddd965bd35-2\">\n                                        <h4>Ignace Jeannerat<\/h4>\n                                                                                    <div class=\"devsectorcustomposttypeteammanager-item-role\">\n                                                Vice Pr\u00e9sident                                            <\/div><!-- .devsectorcustomposttypeteammanager-item-line-->\n                                        \n                                          \n                                        <\/div>\n\n                                        <div class=\"contact-box\">\n      \n     \n<\/div>\n                                    <\/div>\n                        <\/div><!-- inner -->\n                    <\/div><!-- content -->\n\n    <\/div><!-- .devsectorcustomposttypeteammanager-item -->    \n    <div class=\"modal fade\" tabindex=\"-1\" id=\"modal-devsectorcustomposttypeteammanager-block_a978d580b1ff6a9294d434ddd965bd35-2\" aria-labelledby=\"exampleModalLabel\" aria-hidden=\"true\">\n                        <div class=\"modal-dialog modal-dialog-centered modal-xl\">\n                            <div class=\"modal-content\">\n\n                                <div class=\"inner\">\n                                    \n                                    <div class=\"back-columns-group modal-body\">\n                                        <div class=\"back-columns\">\n                                                <img decoding=\"async\" src=\"https:\/\/www.togetherathletics.ch\/wp-content\/uploads\/2024\/11\/profl-Ignacel-600x600.jpg\" alt=\"Ignace Jeannerat\">\n                                        <\/div>\n                                        <div class=\"back-columns\">\n                                            <div class=\"info\">\n                                                <h4>Ignace Jeannerat<\/h4>\n                                                                                                <div class=\"devsectorcustomposttypeteammanager-item-role\">\n                                                    Vice Pr\u00e9sident                                                <\/div><!-- .devsectorcustomposttypeteammanager-item-line-->\n                                                                                        <\/div>\n                                            <div class=\"devsectorcustomposttypeteammanager-info\">\n                                            \n                                                \n                                                                    <div class=\"devsectorcustomposttypeteammanager-description\">\n                                                                                                                                        <\/div><!-- .devsectorcustomposttypeteammanager-description-->\n                                            \n                                            <\/div><!-- devsectorcustomposttypeteammanager-info -->\n\n                                            <div class=\"contact-box\">\n      \n     \n<\/div>\n                                        <\/div>\n                                    <\/div><!-- back-columns-group -->\n                                    <div class=\"close-modal-cross\">\n                                                <label data-bs-dismiss=\"modal\">\n                                                    <i class=\"fa fa-times\" aria-hidden=\"true\"><\/i>\n                                                <\/label>\n                                    <\/div>\n                                <\/div><!-- inner -->\n                            <\/div><!-- modal-content -->\n                        <\/div><!-- modal-dialog -->\n    <\/div><!-- modal -->                                        <\/div><!--.devsectorcustomposttypeteammanager-itemaccordion-item  -->\n                                        \n                                        <div class=\"devsectorcustomposttypeteammanager-item col-12 col-md-6\">\n                                            \n<div class=\"devsectorcustomposttypeteammanager-item row\">\n\n    <div class=\"content col-12\">\n                    <div class=\"back-columns-group\">\n                                    <div class=\"back-columns\" data-bs-toggle=\"modal\" data-bs-target=\"#modal-devsectorcustomposttypeteammanager-block_a978d580b1ff6a9294d434ddd965bd35-3\">\n                                        <img decoding=\"async\" src=\"https:\/\/www.togetherathletics.ch\/wp-content\/uploads\/2024\/02\/Karine-comite-600x600.jpeg\" alt=\"Karine Baldacchino\">\n                                    <\/div>\n                                    <div class=\"back-columns\">\n                                        <div data-bs-toggle=\"modal\" data-bs-target=\"#modal-devsectorcustomposttypeteammanager-block_a978d580b1ff6a9294d434ddd965bd35-3\">\n                                        <h4>Karine Baldacchino<\/h4>\n                                                                                    <div class=\"devsectorcustomposttypeteammanager-item-role\">\n                                                Tr\u00e9sori\u00e8re                                            <\/div><!-- .devsectorcustomposttypeteammanager-item-line-->\n                                        \n                                          \n                                        <\/div>\n\n                                        <div class=\"contact-box\">\n      \n     \n<\/div>\n                                    <\/div>\n                        <\/div><!-- inner -->\n                    <\/div><!-- content -->\n\n    <\/div><!-- .devsectorcustomposttypeteammanager-item -->    \n    <div class=\"modal fade\" tabindex=\"-1\" id=\"modal-devsectorcustomposttypeteammanager-block_a978d580b1ff6a9294d434ddd965bd35-3\" aria-labelledby=\"exampleModalLabel\" aria-hidden=\"true\">\n                        <div class=\"modal-dialog modal-dialog-centered modal-xl\">\n                            <div class=\"modal-content\">\n\n                                <div class=\"inner\">\n                                    \n                                    <div class=\"back-columns-group modal-body\">\n                                        <div class=\"back-columns\">\n                                                <img decoding=\"async\" src=\"https:\/\/www.togetherathletics.ch\/wp-content\/uploads\/2024\/02\/Karine-comite-600x600.jpeg\" alt=\"Karine Baldacchino\">\n                                        <\/div>\n                                        <div class=\"back-columns\">\n                                            <div class=\"info\">\n                                                <h4>Karine Baldacchino<\/h4>\n                                                                                                <div class=\"devsectorcustomposttypeteammanager-item-role\">\n                                                    Tr\u00e9sori\u00e8re                                                <\/div><!-- .devsectorcustomposttypeteammanager-item-line-->\n                                                                                        <\/div>\n                                            <div class=\"devsectorcustomposttypeteammanager-info\">\n                                            \n                                                \n                                                                    <div class=\"devsectorcustomposttypeteammanager-description\">\n                                                                    <!-- wp:paragraph -->\n<p><em>\u00ab\u00a0La longue distance, c\u2019est ce qui me pla\u00eet le plus\u2026 chaque marathon que je fais me permet de me red\u00e9couvrir et de me d\u00e9passer\u00a0\u00bb<\/em><\/p>\n<!-- \/wp:paragraph -->                                                                    <\/div><!-- .devsectorcustomposttypeteammanager-description-->\n                                            \n                                            <\/div><!-- devsectorcustomposttypeteammanager-info -->\n\n                                            <div class=\"contact-box\">\n      \n     \n<\/div>\n                                        <\/div>\n                                    <\/div><!-- back-columns-group -->\n                                    <div class=\"close-modal-cross\">\n                                                <label data-bs-dismiss=\"modal\">\n                                                    <i class=\"fa fa-times\" aria-hidden=\"true\"><\/i>\n                                                <\/label>\n                                    <\/div>\n                                <\/div><!-- inner -->\n                            <\/div><!-- modal-content -->\n                        <\/div><!-- modal-dialog -->\n    <\/div><!-- modal -->                                        <\/div><!--.devsectorcustomposttypeteammanager-itemaccordion-item  -->\n                                        \n                                        <div class=\"devsectorcustomposttypeteammanager-item col-12 col-md-6\">\n                                            \n<div class=\"devsectorcustomposttypeteammanager-item row\">\n\n    <div class=\"content col-12\">\n                    <div class=\"back-columns-group\">\n                                    <div class=\"back-columns\" data-bs-toggle=\"modal\" data-bs-target=\"#modal-devsectorcustomposttypeteammanager-block_a978d580b1ff6a9294d434ddd965bd35-4\">\n                                        <img decoding=\"async\" src=\"https:\/\/www.togetherathletics.ch\/wp-content\/uploads\/2024\/02\/Aude-comite-600x600.jpeg\" alt=\"Aude Riboni\">\n                                    <\/div>\n                                    <div class=\"back-columns\">\n                                        <div data-bs-toggle=\"modal\" data-bs-target=\"#modal-devsectorcustomposttypeteammanager-block_a978d580b1ff6a9294d434ddd965bd35-4\">\n                                        <h4>Aude Riboni<\/h4>\n                                                                                    <div class=\"devsectorcustomposttypeteammanager-item-role\">\n                                                Secr\u00e9taire                                            <\/div><!-- .devsectorcustomposttypeteammanager-item-line-->\n                                        \n                                          \n                                        <\/div>\n\n                                        <div class=\"contact-box\">\n      \n     \n<\/div>\n                                    <\/div>\n                        <\/div><!-- inner -->\n                    <\/div><!-- content -->\n\n    <\/div><!-- .devsectorcustomposttypeteammanager-item -->    \n    <div class=\"modal fade\" tabindex=\"-1\" id=\"modal-devsectorcustomposttypeteammanager-block_a978d580b1ff6a9294d434ddd965bd35-4\" aria-labelledby=\"exampleModalLabel\" aria-hidden=\"true\">\n                        <div class=\"modal-dialog modal-dialog-centered modal-xl\">\n                            <div class=\"modal-content\">\n\n                                <div class=\"inner\">\n                                    \n                                    <div class=\"back-columns-group modal-body\">\n                                        <div class=\"back-columns\">\n                                                <img decoding=\"async\" src=\"https:\/\/www.togetherathletics.ch\/wp-content\/uploads\/2024\/02\/Aude-comite-600x600.jpeg\" alt=\"Aude Riboni\">\n                                        <\/div>\n                                        <div class=\"back-columns\">\n                                            <div class=\"info\">\n                                                <h4>Aude Riboni<\/h4>\n                                                                                                <div class=\"devsectorcustomposttypeteammanager-item-role\">\n                                                    Secr\u00e9taire                                                <\/div><!-- .devsectorcustomposttypeteammanager-item-line-->\n                                                                                        <\/div>\n                                            <div class=\"devsectorcustomposttypeteammanager-info\">\n                                            \n                                                \n                                                                    <div class=\"devsectorcustomposttypeteammanager-description\">\n                                                                    <!-- wp:paragraph -->\n<p><em>\u00ab\u00a0La course \u00e0 pied, et maintenant le sprint me permettent de d\u00e9passer mes limites et de rencontrer des gens avec les m\u00eames valeurs et les m\u00eames int\u00e9r\u00eats que moi. Le groupe donne une motivation qui nous rend plus forts.\u00a0\u00bb<\/em><\/p>\n<!-- \/wp:paragraph -->                                                                    <\/div><!-- .devsectorcustomposttypeteammanager-description-->\n                                            \n                                            <\/div><!-- devsectorcustomposttypeteammanager-info -->\n\n                                            <div class=\"contact-box\">\n      \n     \n<\/div>\n                                        <\/div>\n                                    <\/div><!-- back-columns-group -->\n                                    <div class=\"close-modal-cross\">\n                                                <label data-bs-dismiss=\"modal\">\n                                                    <i class=\"fa fa-times\" aria-hidden=\"true\"><\/i>\n                                                <\/label>\n                                    <\/div>\n                                <\/div><!-- inner -->\n                            <\/div><!-- modal-content -->\n                        <\/div><!-- modal-dialog -->\n    <\/div><!-- modal -->                                        <\/div><!--.devsectorcustomposttypeteammanager-itemaccordion-item  -->\n                                        \n                                        <div class=\"devsectorcustomposttypeteammanager-item col-12 col-md-6\">\n                                            \n<div class=\"devsectorcustomposttypeteammanager-item row\">\n\n    <div class=\"content col-12\">\n                    <div class=\"back-columns-group\">\n                                    <div class=\"back-columns\" data-bs-toggle=\"modal\" data-bs-target=\"#modal-devsectorcustomposttypeteammanager-block_a978d580b1ff6a9294d434ddd965bd35-5\">\n                                        <img decoding=\"async\" src=\"https:\/\/www.togetherathletics.ch\/wp-content\/uploads\/2024\/02\/Tade-comite-600x600.jpeg\" alt=\"Tadesse Abraham\">\n                                    <\/div>\n                                    <div class=\"back-columns\">\n                                        <div data-bs-toggle=\"modal\" data-bs-target=\"#modal-devsectorcustomposttypeteammanager-block_a978d580b1ff6a9294d434ddd965bd35-5\">\n                                        <h4>Tadesse Abraham<\/h4>\n                                                                                    <div class=\"devsectorcustomposttypeteammanager-item-role\">\n                                                Membre fondateur                                            <\/div><!-- .devsectorcustomposttypeteammanager-item-line-->\n                                        \n                                          \n                                        <\/div>\n\n                                        <div class=\"contact-box\">\n      \n     \n<\/div>\n                                    <\/div>\n                        <\/div><!-- inner -->\n                    <\/div><!-- content -->\n\n    <\/div><!-- .devsectorcustomposttypeteammanager-item -->    \n    <div class=\"modal fade\" tabindex=\"-1\" id=\"modal-devsectorcustomposttypeteammanager-block_a978d580b1ff6a9294d434ddd965bd35-5\" aria-labelledby=\"exampleModalLabel\" aria-hidden=\"true\">\n                        <div class=\"modal-dialog modal-dialog-centered modal-xl\">\n                            <div class=\"modal-content\">\n\n                                <div class=\"inner\">\n                                    \n                                    <div class=\"back-columns-group modal-body\">\n                                        <div class=\"back-columns\">\n                                                <img decoding=\"async\" src=\"https:\/\/www.togetherathletics.ch\/wp-content\/uploads\/2024\/02\/Tade-comite-600x600.jpeg\" alt=\"Tadesse Abraham\">\n                                        <\/div>\n                                        <div class=\"back-columns\">\n                                            <div class=\"info\">\n                                                <h4>Tadesse Abraham<\/h4>\n                                                                                                <div class=\"devsectorcustomposttypeteammanager-item-role\">\n                                                    Membre fondateur                                                <\/div><!-- .devsectorcustomposttypeteammanager-item-line-->\n                                                                                        <\/div>\n                                            <div class=\"devsectorcustomposttypeteammanager-info\">\n                                            \n                                                \n                                                                    <div class=\"devsectorcustomposttypeteammanager-description\">\n                                                                    <!-- wp:paragraph {\"style\":{\"elements\":{\"link\":{\"color\":{\"text\":\"var:preset|color|red-global\"}}}},\"textColor\":\"red-global\",\"fontSize\":\"regular\"} -->\n<p class=\"has-red-global-color has-text-color has-link-color has-regular-font-size\"><em>&#8220;Ma devise: Stronger Together!&#8221;<\/em><\/p>\n<!-- \/wp:paragraph -->\n\n<!-- wp:paragraph -->\n<p>Record du monde semi-marathon M40 \/ 3 participations aux JO<\/p>\n<!-- \/wp:paragraph -->                                                                    <\/div><!-- .devsectorcustomposttypeteammanager-description-->\n                                            \n                                            <\/div><!-- devsectorcustomposttypeteammanager-info -->\n\n                                            <div class=\"contact-box\">\n      \n     \n<\/div>\n                                        <\/div>\n                                    <\/div><!-- back-columns-group -->\n                                    <div class=\"close-modal-cross\">\n                                                <label data-bs-dismiss=\"modal\">\n                                                    <i class=\"fa fa-times\" aria-hidden=\"true\"><\/i>\n                                                <\/label>\n                                    <\/div>\n                                <\/div><!-- inner -->\n                            <\/div><!-- modal-content -->\n                        <\/div><!-- modal-dialog -->\n    <\/div><!-- modal -->                                        <\/div><!--.devsectorcustomposttypeteammanager-itemaccordion-item  -->\n                                        \n                                        <div class=\"devsectorcustomposttypeteammanager-item col-12 col-md-6\">\n                                            \n<div class=\"devsectorcustomposttypeteammanager-item row\">\n\n    <div class=\"content col-12\">\n                    <div class=\"back-columns-group\">\n                                    <div class=\"back-columns\" data-bs-toggle=\"modal\" data-bs-target=\"#modal-devsectorcustomposttypeteammanager-block_a978d580b1ff6a9294d434ddd965bd35-6\">\n                                        <img decoding=\"async\" src=\"https:\/\/www.togetherathletics.ch\/wp-content\/uploads\/2024\/06\/Olivier-comite-600x600.jpeg\" alt=\"Olivier Baldacchino\">\n                                    <\/div>\n                                    <div class=\"back-columns\">\n                                        <div data-bs-toggle=\"modal\" data-bs-target=\"#modal-devsectorcustomposttypeteammanager-block_a978d580b1ff6a9294d434ddd965bd35-6\">\n                                        <h4>Olivier Baldacchino<\/h4>\n                                                                                    <div class=\"devsectorcustomposttypeteammanager-item-role\">\n                                                Coach sportif                                            <\/div><!-- .devsectorcustomposttypeteammanager-item-line-->\n                                        \n                                          \n                                        <\/div>\n\n                                        <div class=\"contact-box\">\n      \n     \n<\/div>\n                                    <\/div>\n                        <\/div><!-- inner -->\n                    <\/div><!-- content -->\n\n    <\/div><!-- .devsectorcustomposttypeteammanager-item -->    \n    <div class=\"modal fade\" tabindex=\"-1\" id=\"modal-devsectorcustomposttypeteammanager-block_a978d580b1ff6a9294d434ddd965bd35-6\" aria-labelledby=\"exampleModalLabel\" aria-hidden=\"true\">\n                        <div class=\"modal-dialog modal-dialog-centered modal-xl\">\n                            <div class=\"modal-content\">\n\n                                <div class=\"inner\">\n                                    \n                                    <div class=\"back-columns-group modal-body\">\n                                        <div class=\"back-columns\">\n                                                <img decoding=\"async\" src=\"https:\/\/www.togetherathletics.ch\/wp-content\/uploads\/2024\/06\/Olivier-comite-600x600.jpeg\" alt=\"Olivier Baldacchino\">\n                                        <\/div>\n                                        <div class=\"back-columns\">\n                                            <div class=\"info\">\n                                                <h4>Olivier Baldacchino<\/h4>\n                                                                                                <div class=\"devsectorcustomposttypeteammanager-item-role\">\n                                                    Coach sportif                                                <\/div><!-- .devsectorcustomposttypeteammanager-item-line-->\n                                                                                        <\/div>\n                                            <div class=\"devsectorcustomposttypeteammanager-info\">\n                                            \n                                                \n                                                                    <div class=\"devsectorcustomposttypeteammanager-description\">\n                                                                    <!-- wp:paragraph -->\n<p><em>\u00ab\u00a0Voir les coureurs \u00e9voluer et progresser pour atteindre leurs objectifs et ma plus belle motivation.\u00a0\u00bb<\/em><\/p>\n<!-- \/wp:paragraph -->                                                                    <\/div><!-- .devsectorcustomposttypeteammanager-description-->\n                                            \n                                            <\/div><!-- devsectorcustomposttypeteammanager-info -->\n\n                                            <div class=\"contact-box\">\n      \n     \n<\/div>\n                                        <\/div>\n                                    <\/div><!-- back-columns-group -->\n                                    <div class=\"close-modal-cross\">\n                                                <label data-bs-dismiss=\"modal\">\n                                                    <i class=\"fa fa-times\" aria-hidden=\"true\"><\/i>\n                                                <\/label>\n                                    <\/div>\n                                <\/div><!-- inner -->\n                            <\/div><!-- modal-content -->\n                        <\/div><!-- modal-dialog -->\n    <\/div><!-- modal -->                                        <\/div><!--.devsectorcustomposttypeteammanager-itemaccordion-item  -->\n                                                            \n                        <\/div><!-- .devsectorcustomposttypeteammanager-grid -->\n                <\/div><!-- accordion -->\n        \n          \n<\/div> <!-- .devsectorcustomposttypeteammanager-content --> \n<\/div><!-- .devsectorcustomposttypeteammanager -->\n\n\n","protected":false},"excerpt":{"rendered":"<p>Together Athletics Club est le nouveau club d\u2019athl\u00e9tisme inclusif \u00e0 Gen\u00e8ve. Tadesse Abraham et ses amis ont cr\u00e9\u00e9 Together Athletics [&hellip;]<\/p>\n","protected":false},"author":1,"featured_media":0,"parent":0,"menu_order":0,"comment_status":"closed","ping_status":"closed","template":"","meta":{"_acf_changed":false,"inline_featured_image":false,"footnotes":""},"class_list":["post-686","page","type-page","status-publish","hentry"],"acf":[],"yoast_head":"<!-- This site is optimized with the Yoast SEO plugin v26.6 - https:\/\/yoast.com\/wordpress\/plugins\/seo\/ -->\n<title>The Club - Together Athletics Club<\/title>\n<meta name=\"robots\" content=\"index, follow, max-snippet:-1, max-image-preview:large, max-video-preview:-1\" \/>\n<link rel=\"canonical\" href=\"https:\/\/www.togetherathletics.ch\/en\/the-club\/\" \/>\n<meta property=\"og:locale\" content=\"en_US\" \/>\n<meta property=\"og:type\" content=\"article\" \/>\n<meta property=\"og:title\" content=\"The Club - Together Athletics Club\" \/>\n<meta property=\"og:description\" content=\"Together Athletics Club est le nouveau club d\u2019athl\u00e9tisme inclusif \u00e0 Gen\u00e8ve. Tadesse Abraham et ses amis ont cr\u00e9\u00e9 Together Athletics [&hellip;]\" \/>\n<meta property=\"og:url\" content=\"https:\/\/www.togetherathletics.ch\/en\/the-club\/\" \/>\n<meta property=\"og:site_name\" content=\"Together Athletics Club\" \/>\n<meta property=\"article:modified_time\" content=\"2025-12-04T19:50:42+00:00\" \/>\n<meta property=\"og:image\" content=\"https:\/\/www.togetherathletics.ch\/wp-content\/uploads\/2024\/11\/TAC-Start-2025.webp\" \/>\n\t<meta property=\"og:image:width\" content=\"1200\" \/>\n\t<meta property=\"og:image:height\" content=\"840\" \/>\n\t<meta property=\"og:image:type\" content=\"image\/webp\" \/>\n<meta name=\"twitter:card\" content=\"summary_large_image\" \/>\n<meta name=\"twitter:label1\" content=\"Est. reading time\" \/>\n\t<meta name=\"twitter:data1\" content=\"1 minute\" \/>\n<script type=\"application\/ld+json\" class=\"yoast-schema-graph\">{\"@context\":\"https:\/\/schema.org\",\"@graph\":[{\"@type\":\"WebPage\",\"@id\":\"https:\/\/www.togetherathletics.ch\/en\/the-club\/\",\"url\":\"https:\/\/www.togetherathletics.ch\/en\/the-club\/\",\"name\":\"The Club - Together Athletics Club\",\"isPartOf\":{\"@id\":\"https:\/\/www.togetherathletics.ch\/#website\"},\"primaryImageOfPage\":{\"@id\":\"https:\/\/www.togetherathletics.ch\/en\/the-club\/#primaryimage\"},\"image\":{\"@id\":\"https:\/\/www.togetherathletics.ch\/en\/the-club\/#primaryimage\"},\"thumbnailUrl\":\"https:\/\/www.togetherathletics.ch\/wp-content\/uploads\/2024\/11\/TAC-Start-2025.webp\",\"datePublished\":\"2024-02-16T15:28:15+00:00\",\"dateModified\":\"2025-12-04T19:50:42+00:00\",\"breadcrumb\":{\"@id\":\"https:\/\/www.togetherathletics.ch\/en\/the-club\/#breadcrumb\"},\"inLanguage\":\"en-US\",\"potentialAction\":[{\"@type\":\"ReadAction\",\"target\":[\"https:\/\/www.togetherathletics.ch\/en\/the-club\/\"]}]},{\"@type\":\"ImageObject\",\"inLanguage\":\"en-US\",\"@id\":\"https:\/\/www.togetherathletics.ch\/en\/the-club\/#primaryimage\",\"url\":\"https:\/\/www.togetherathletics.ch\/wp-content\/uploads\/2024\/11\/TAC-Start-2025.webp\",\"contentUrl\":\"https:\/\/www.togetherathletics.ch\/wp-content\/uploads\/2024\/11\/TAC-Start-2025.webp\"},{\"@type\":\"BreadcrumbList\",\"@id\":\"https:\/\/www.togetherathletics.ch\/en\/the-club\/#breadcrumb\",\"itemListElement\":[{\"@type\":\"ListItem\",\"position\":1,\"name\":\"Home\",\"item\":\"https:\/\/www.togetherathletics.ch\/en\/\"},{\"@type\":\"ListItem\",\"position\":2,\"name\":\"The Club\"}]},{\"@type\":\"WebSite\",\"@id\":\"https:\/\/www.togetherathletics.ch\/#website\",\"url\":\"https:\/\/www.togetherathletics.ch\/\",\"name\":\"Together Athletics Club\",\"description\":\"Un site utilisant WordPress\",\"publisher\":{\"@id\":\"https:\/\/www.togetherathletics.ch\/#organization\"},\"potentialAction\":[{\"@type\":\"SearchAction\",\"target\":{\"@type\":\"EntryPoint\",\"urlTemplate\":\"https:\/\/www.togetherathletics.ch\/?s={search_term_string}\"},\"query-input\":{\"@type\":\"PropertyValueSpecification\",\"valueRequired\":true,\"valueName\":\"search_term_string\"}}],\"inLanguage\":\"en-US\"},{\"@type\":\"Organization\",\"@id\":\"https:\/\/www.togetherathletics.ch\/#organization\",\"name\":\"Together Athletics Club\",\"url\":\"https:\/\/www.togetherathletics.ch\/\",\"logo\":{\"@type\":\"ImageObject\",\"inLanguage\":\"en-US\",\"@id\":\"https:\/\/www.togetherathletics.ch\/#\/schema\/logo\/image\/\",\"url\":\"https:\/\/www.togetherathletics.ch\/wp-content\/uploads\/2024\/04\/tac-together-athlectics-club-logo.svg\",\"contentUrl\":\"https:\/\/www.togetherathletics.ch\/wp-content\/uploads\/2024\/04\/tac-together-athlectics-club-logo.svg\",\"caption\":\"Together Athletics Club\"},\"image\":{\"@id\":\"https:\/\/www.togetherathletics.ch\/#\/schema\/logo\/image\/\"}}]}<\/script>\n<!-- \/ Yoast SEO plugin. -->","yoast_head_json":{"title":"The Club - Together Athletics Club","robots":{"index":"index","follow":"follow","max-snippet":"max-snippet:-1","max-image-preview":"max-image-preview:large","max-video-preview":"max-video-preview:-1"},"canonical":"https:\/\/www.togetherathletics.ch\/en\/the-club\/","og_locale":"en_US","og_type":"article","og_title":"The Club - Together Athletics Club","og_description":"Together Athletics Club est le nouveau club d\u2019athl\u00e9tisme inclusif \u00e0 Gen\u00e8ve. Tadesse Abraham et ses amis ont cr\u00e9\u00e9 Together Athletics [&hellip;]","og_url":"https:\/\/www.togetherathletics.ch\/en\/the-club\/","og_site_name":"Together Athletics Club","article_modified_time":"2025-12-04T19:50:42+00:00","og_image":[{"width":1200,"height":840,"url":"https:\/\/www.togetherathletics.ch\/wp-content\/uploads\/2024\/11\/TAC-Start-2025.webp","type":"image\/webp"}],"twitter_card":"summary_large_image","twitter_misc":{"Est. reading time":"1 minute"},"schema":{"@context":"https:\/\/schema.org","@graph":[{"@type":"WebPage","@id":"https:\/\/www.togetherathletics.ch\/en\/the-club\/","url":"https:\/\/www.togetherathletics.ch\/en\/the-club\/","name":"The Club - Together Athletics Club","isPartOf":{"@id":"https:\/\/www.togetherathletics.ch\/#website"},"primaryImageOfPage":{"@id":"https:\/\/www.togetherathletics.ch\/en\/the-club\/#primaryimage"},"image":{"@id":"https:\/\/www.togetherathletics.ch\/en\/the-club\/#primaryimage"},"thumbnailUrl":"https:\/\/www.togetherathletics.ch\/wp-content\/uploads\/2024\/11\/TAC-Start-2025.webp","datePublished":"2024-02-16T15:28:15+00:00","dateModified":"2025-12-04T19:50:42+00:00","breadcrumb":{"@id":"https:\/\/www.togetherathletics.ch\/en\/the-club\/#breadcrumb"},"inLanguage":"en-US","potentialAction":[{"@type":"ReadAction","target":["https:\/\/www.togetherathletics.ch\/en\/the-club\/"]}]},{"@type":"ImageObject","inLanguage":"en-US","@id":"https:\/\/www.togetherathletics.ch\/en\/the-club\/#primaryimage","url":"https:\/\/www.togetherathletics.ch\/wp-content\/uploads\/2024\/11\/TAC-Start-2025.webp","contentUrl":"https:\/\/www.togetherathletics.ch\/wp-content\/uploads\/2024\/11\/TAC-Start-2025.webp"},{"@type":"BreadcrumbList","@id":"https:\/\/www.togetherathletics.ch\/en\/the-club\/#breadcrumb","itemListElement":[{"@type":"ListItem","position":1,"name":"Home","item":"https:\/\/www.togetherathletics.ch\/en\/"},{"@type":"ListItem","position":2,"name":"The Club"}]},{"@type":"WebSite","@id":"https:\/\/www.togetherathletics.ch\/#website","url":"https:\/\/www.togetherathletics.ch\/","name":"Together Athletics Club","description":"Un site utilisant WordPress","publisher":{"@id":"https:\/\/www.togetherathletics.ch\/#organization"},"potentialAction":[{"@type":"SearchAction","target":{"@type":"EntryPoint","urlTemplate":"https:\/\/www.togetherathletics.ch\/?s={search_term_string}"},"query-input":{"@type":"PropertyValueSpecification","valueRequired":true,"valueName":"search_term_string"}}],"inLanguage":"en-US"},{"@type":"Organization","@id":"https:\/\/www.togetherathletics.ch\/#organization","name":"Together Athletics Club","url":"https:\/\/www.togetherathletics.ch\/","logo":{"@type":"ImageObject","inLanguage":"en-US","@id":"https:\/\/www.togetherathletics.ch\/#\/schema\/logo\/image\/","url":"https:\/\/www.togetherathletics.ch\/wp-content\/uploads\/2024\/04\/tac-together-athlectics-club-logo.svg","contentUrl":"https:\/\/www.togetherathletics.ch\/wp-content\/uploads\/2024\/04\/tac-together-athlectics-club-logo.svg","caption":"Together Athletics Club"},"image":{"@id":"https:\/\/www.togetherathletics.ch\/#\/schema\/logo\/image\/"}}]}},"_links":{"self":[{"href":"https:\/\/www.togetherathletics.ch\/en\/wp-json\/wp\/v2\/pages\/686","targetHints":{"allow":["GET"]}}],"collection":[{"href":"https:\/\/www.togetherathletics.ch\/en\/wp-json\/wp\/v2\/pages"}],"about":[{"href":"https:\/\/www.togetherathletics.ch\/en\/wp-json\/wp\/v2\/types\/page"}],"author":[{"embeddable":true,"href":"https:\/\/www.togetherathletics.ch\/en\/wp-json\/wp\/v2\/users\/1"}],"replies":[{"embeddable":true,"href":"https:\/\/www.togetherathletics.ch\/en\/wp-json\/wp\/v2\/comments?post=686"}],"version-history":[{"count":5,"href":"https:\/\/www.togetherathletics.ch\/en\/wp-json\/wp\/v2\/pages\/686\/revisions"}],"predecessor-version":[{"id":1472,"href":"https:\/\/www.togetherathletics.ch\/en\/wp-json\/wp\/v2\/pages\/686\/revisions\/1472"}],"wp:attachment":[{"href":"https:\/\/www.togetherathletics.ch\/en\/wp-json\/wp\/v2\/media?parent=686"}],"curies":[{"name":"wp","href":"https:\/\/api.w.org\/{rel}","templated":true}]}}